{"id":35,"date":"2015-01-27T17:16:22","date_gmt":"2015-01-27T17:16:22","guid":{"rendered":"http:\/\/hagyhegy.bokodesign.hu\/?page_id=35"},"modified":"2015-05-09T07:46:51","modified_gmt":"2015-05-09T05:46:51","slug":"egyesuletunkrol","status":"publish","type":"page","link":"https:\/\/www.hagyomanyokhegye.hu\/?page_id=35","title":{"rendered":"Egyes\u00fclet\u00fcnkr\u0151l"},"content":{"rendered":"<p>A Hagyom\u00e1nyok Hegye Egyes\u00fclet azzal a c\u00e9llal alakult, hogy l\u00e9trehozza P\u00e1p\u00e1n a Hagyom\u00e1nyok Hegye T\u00f6rt\u00e9nelmi, N\u00e9prajzi, \u00e9s Term\u00e9szetismereti K\u00f6zpontot. Az Egyes\u00fclet tagjai t\u00f6bb m\u00e1s civil szervezet tagjak\u00e9nt fogtak \u00f6ssze a k\u00f6z\u00f6s c\u00e9l el\u00e9r\u00e9se \u00e9rdek\u00e9ben.<\/p>\n<p><br style=\"color: #000000;\" \/><span style=\"color: #000000;\">A 2009-es megalakul\u00e1st megel\u0151z\u0151 id\u0151szakban az Egyes\u00fclet tagjai m\u00e1r rendszeresen l\u00e1togatt\u00e1k a ter\u00fcletet, de az igaz\u00e1n nagy munka a megalakul\u00e1s ut\u00e1n k\u00f6vetkezett. A ter\u00fclet gondoz\u00e1s\u00e1n, alak\u00edt\u00e1s\u00e1n k\u00edv\u00fcl term\u00e9szetesen programokat is szolg\u00e1ltatunk, nemcsak a K\u00f6zpont ter\u00fclet\u00e9n, \u00e9s nem csak P\u00e1p\u00e1n. Szerencs\u00e9nkre Egyes\u00fclet\u00fcnk olyan tagokb\u00f3l \u00e1ll, akik tev\u00e9kenyen is r\u00e9szt vesznek a munk\u00e1ban. Ki a bemutat\u00f3kban, ki a ter\u00fcletrendez\u00e9sben tehets\u00e9g\u00e9hez, idej\u00e9hez, lehet\u0151s\u00e9geihez m\u00e9rten. Ennek is k\u00f6sz\u00f6nhet\u0151 az, hogy ma m\u00e1r egyre t\u00f6bb helyen ismerik a Hagyom\u00e1nyok Hegye Egyes\u00fcletet \u00e9s a l\u00e1togat\u00f3k\u00f6zpont k\u00edn\u00e1lta lehet\u0151s\u00e9geket.<\/span><br style=\"color: #000000;\" \/><br style=\"color: #000000;\" \/><span style=\"color: #000000;\">Fenntart\u00e1s.\u00a0A 2011-es t\u00e1mogat\u00e1si rendszerb\u0151l nyilv\u00e1nval\u00f3v\u00e1 v\u00e1lt a sz\u00e1munkra, hogy \u00e1llami keretb\u0151l el\u0151rel\u00e9pni Egyes\u00fclet\u00fcnk nem tud, abb\u00f3l legfeljebb csak az alapvet\u0151 m\u0171k\u00f6d\u00e9si felt\u00e9tek kifizet\u00e9s\u00e9re futja. Eszk\u00f6zeink fejleszt\u00e9s\u00e9re (mely egy hagyom\u00e1ny\u0151rz\u0151 egyes\u00fclet sz\u00e1m\u00e1ra az egyik legfontosabb c\u00e9l) m\u00e1s forr\u00e1sok ut\u00e1n kell n\u00e9zn\u00fcnk. Fel sem mer\u00fclhet az, hogy ez a forr\u00e1s ne a bemutat\u00f3kb\u00f3l sz\u00e1rmazzon, \u00e1m a t\u00f6rt\u00e9neti h\u0171s\u00e9g szem el\u0151tt tart\u00e1sa m\u00e9g ebben a sz\u0171k\u00f6s p\u00e9nz\u00fcgyi helyzetben is fontos sz\u00e1munkra.<\/span><br style=\"color: #000000;\" \/><br style=\"color: #000000;\" \/><span style=\"color: #000000;\">Egy\u00fcttm\u0171k\u00f6d\u00e9s. Szervezet\u00fcnk j\u00f3 kapcsolatokat \u00e1pol t\u00f6bb hagyom\u00e1ny\u0151rz\u0151 egyes\u00fclettel \u00e9s egy\u00e9b m\u00e1s t\u00e1rsadalmi szervezettel. E kapcsolatok, egy\u00fcttm\u0171k\u00f6d\u00e9sek fontosak sz\u00e1munkra, melyeket igyeksz\u00fcnk a j\u00f6v\u0151ben is becs\u00fclettel megtartani.<\/span><\/p>\n","protected":false},"excerpt":{"rendered":"<p>A Hagyom\u00e1nyok Hegye Egyes\u00fclet azzal a c\u00e9llal alakult, hogy l\u00e9trehozza P\u00e1p\u00e1n a Hagyom\u00e1nyok Hegye T\u00f6rt\u00e9nelmi, N\u00e9prajzi, \u00e9s Term\u00e9szetismereti K\u00f6zpontot. Az Egyes\u00fclet tagjai t\u00f6bb m\u00e1s civil szervezet tagjak\u00e9nt fogtak \u00f6ssze a k\u00f6z\u00f6s c\u00e9l el\u00e9r\u00e9se \u00e9rdek\u00e9ben. A 2009-es megalakul\u00e1st megel\u0151z\u0151 id\u0151szakban az Egyes\u00fclet tagjai m\u00e1r rendszeresen l\u00e1togatt\u00e1k a ter\u00fcletet, de az igaz\u00e1n nagy munka a megalakul\u00e1s ut\u00e1n [&hellip;]<\/p>\n","protected":false},"author":2,"featured_media":0,"parent":0,"menu_order":6,"comment_status":"open","ping_status":"closed","template":"","meta":[],"_links":{"self":[{"href":"https:\/\/www.hagyomanyokhegye.hu\/index.php?rest_route=\/wp\/v2\/pages\/35"}],"collection":[{"href":"https:\/\/www.hagyomanyokhegye.hu\/index.php?rest_route=\/wp\/v2\/pages"}],"about":[{"href":"https:\/\/www.hagyomanyokhegye.hu\/index.php?rest_route=\/wp\/v2\/types\/page"}],"author":[{"embeddable":true,"href":"https:\/\/www.hagyomanyokhegye.hu\/index.php?rest_route=\/wp\/v2\/users\/2"}],"replies":[{"embeddable":true,"href":"https:\/\/www.hagyomanyokhegye.hu\/index.php?rest_route=%2Fwp%2Fv2%2Fcomments&post=35"}],"version-history":[{"count":3,"href":"https:\/\/www.hagyomanyokhegye.hu\/index.php?rest_route=\/wp\/v2\/pages\/35\/revisions"}],"predecessor-version":[{"id":456,"href":"https:\/\/www.hagyomanyokhegye.hu\/index.php?rest_route=\/wp\/v2\/pages\/35\/revisions\/456"}],"wp:attachment":[{"href":"https:\/\/www.hagyomanyokhegye.hu\/index.php?rest_route=%2Fwp%2Fv2%2Fmedia&parent=35"}],"curies":[{"name":"wp","href":"https:\/\/api.w.org\/{rel}","templated":true}]}}